{"id":1813,"date":"2025-07-29T15:25:46","date_gmt":"2025-07-29T13:25:46","guid":{"rendered":"https:\/\/www.etetrad.org\/gruppi\/calabro-35\/"},"modified":"2025-07-30T16:19:51","modified_gmt":"2025-07-30T14:19:51","slug":"calabro-35","status":"publish","type":"gruppi","link":"https:\/\/www.etetrad.org\/fr\/gruppi\/calabro-35\/","title":{"rendered":"Calabro 35 (concert)"},"content":{"rendered":"<p>Pour donner le coup d'envoi de cette 27\u00e8me \u00e9dition d'ETETRAD, un nouveau groupe de musiciens vald\u00f4tains, dont les origines sont \u00e9troitement li\u00e9es \u00e0 des histoires d'\u00e9migration et d'\u00e9changes culturels. Beppe Vona a r\u00e9uni de nouveaux amis pour transmettre au public la vision d'une Vall\u00e9e d'Aoste multicolore et une musique qui \u00e9voque ses racines, jamais oubli\u00e9es malgr\u00e9 la distance.<\/p>\n","protected":false},"excerpt":{"rendered":"<p>Pour donner le coup d'envoi de cette 27\u00e8me \u00e9dition d'ETETRAD, un nouveau groupe de musiciens vald\u00f4tains, dont les origines sont \u00e9troitement li\u00e9es \u00e0 des histoires d'\u00e9migration et d'\u00e9changes culturels. Beppe Vona a r\u00e9uni de nouveaux amis pour transmettre au public la vision d'une Vall\u00e9e d'Aoste multicolore et une musique qui \u00e9voque ses racines, jamais oubli\u00e9es [&hellip;]<\/p>\n","protected":false},"author":1,"featured_media":1811,"template":"","class_list":["post-1813","gruppi","type-gruppi","status-publish","has-post-thumbnail","hentry"],"acf":[],"_links":{"self":[{"href":"https:\/\/www.etetrad.org\/fr\/wp-json\/wp\/v2\/gruppi\/1813","targetHints":{"allow":["GET"]}}],"collection":[{"href":"https:\/\/www.etetrad.org\/fr\/wp-json\/wp\/v2\/gruppi"}],"about":[{"href":"https:\/\/www.etetrad.org\/fr\/wp-json\/wp\/v2\/types\/gruppi"}],"author":[{"embeddable":true,"href":"https:\/\/www.etetrad.org\/fr\/wp-json\/wp\/v2\/users\/1"}],"version-history":[{"count":2,"href":"https:\/\/www.etetrad.org\/fr\/wp-json\/wp\/v2\/gruppi\/1813\/revisions"}],"predecessor-version":[{"id":1909,"href":"https:\/\/www.etetrad.org\/fr\/wp-json\/wp\/v2\/gruppi\/1813\/revisions\/1909"}],"wp:featuredmedia":[{"embeddable":true,"href":"https:\/\/www.etetrad.org\/fr\/wp-json\/wp\/v2\/media\/1811"}],"wp:attachment":[{"href":"https:\/\/www.etetrad.org\/fr\/wp-json\/wp\/v2\/media?parent=1813"}],"curies":[{"name":"wp","href":"https:\/\/api.w.org\/{rel}","templated":true}]}}