{"id":1801,"date":"2025-07-29T15:22:15","date_gmt":"2025-07-29T13:22:15","guid":{"rendered":"https:\/\/www.etetrad.org\/gruppi\/princesse-miska\/"},"modified":"2025-07-30T16:20:04","modified_gmt":"2025-07-30T14:20:04","slug":"princesse-miska","status":"publish","type":"gruppi","link":"https:\/\/www.etetrad.org\/fr\/gruppi\/princesse-miska\/","title":{"rendered":"Princesse Miska (bal)"},"content":{"rendered":"<p>Lisa, Julien et Yann forment cette nouvelle formation de Bal Folk o\u00f9 se rencontrent les sonorit\u00e9s de la musette (la cornemuse du Centre France que l'on peut d\u00e9couvrir lors d'ETETRAD dans l'exposition par Daniele Bicego \"Cornemuses du monde\" au sein du Mav de F\u00e9nis), de l'accord\u00e9on, et du banjo, celui de Roger Moure que beaucoup de danseurs ont savour\u00e9 lors de la derni\u00e8re \u00e9dition.<\/p>\n","protected":false},"excerpt":{"rendered":"<p>Lisa, Julien et Yann forment cette nouvelle formation de Bal Folk o\u00f9 se rencontrent les sonorit\u00e9s de la musette (la cornemuse du Centre France que l'on peut d\u00e9couvrir lors d'ETETRAD dans l'exposition par Daniele Bicego \"Cornemuses du monde\" au sein du Mav de F\u00e9nis), de l'accord\u00e9on, et du banjo, celui de Roger Moure que beaucoup [&hellip;]<\/p>\n","protected":false},"author":1,"featured_media":1799,"template":"","class_list":["post-1801","gruppi","type-gruppi","status-publish","has-post-thumbnail","hentry"],"acf":[],"_links":{"self":[{"href":"https:\/\/www.etetrad.org\/fr\/wp-json\/wp\/v2\/gruppi\/1801","targetHints":{"allow":["GET"]}}],"collection":[{"href":"https:\/\/www.etetrad.org\/fr\/wp-json\/wp\/v2\/gruppi"}],"about":[{"href":"https:\/\/www.etetrad.org\/fr\/wp-json\/wp\/v2\/types\/gruppi"}],"author":[{"embeddable":true,"href":"https:\/\/www.etetrad.org\/fr\/wp-json\/wp\/v2\/users\/1"}],"version-history":[{"count":2,"href":"https:\/\/www.etetrad.org\/fr\/wp-json\/wp\/v2\/gruppi\/1801\/revisions"}],"predecessor-version":[{"id":1911,"href":"https:\/\/www.etetrad.org\/fr\/wp-json\/wp\/v2\/gruppi\/1801\/revisions\/1911"}],"wp:featuredmedia":[{"embeddable":true,"href":"https:\/\/www.etetrad.org\/fr\/wp-json\/wp\/v2\/media\/1799"}],"wp:attachment":[{"href":"https:\/\/www.etetrad.org\/fr\/wp-json\/wp\/v2\/media?parent=1801"}],"curies":[{"name":"wp","href":"https:\/\/api.w.org\/{rel}","templated":true}]}}